{"id":1308,"date":"2022-07-04T12:18:14","date_gmt":"2022-07-04T10:18:14","guid":{"rendered":"https:\/\/centredecongressos.tecnocampus.cat\/salas-burriach-i-laia-larquera\/"},"modified":"2025-01-17T15:32:10","modified_gmt":"2025-01-17T13:32:10","slug":"salas-burriac-i-laia-larquera","status":"publish","type":"page","link":"https:\/\/centredecongressos.tecnocampus.cat\/es\/salas-burriac-i-laia-larquera\/","title":{"rendered":"Salas Burriac i Laia l&#8217;Arquera"},"content":{"rendered":"<p>[et_pb_section fb_built=\u00bb1&#8243; admin_label=\u00bbfoyer\u00bb _builder_version=\u00bb4.17.1&#8243; use_background_color_gradient=\u00bbon\u00bb background_color_gradient_stops=\u00bbrgba(0,0,0,0.7) 0%|rgba(0,0,0,0) 100%\u00bb background_color_gradient_overlays_image=\u00bbon\u00bb background_color_gradient_start=\u00bbrgba(0,0,0,0.7)\u00bb background_color_gradient_end=\u00bbrgba(0,0,0,0)\u00bb background_image=\u00bbhttp:\/\/centredecongressos.tecnocampus.cat\/wp-content\/uploads\/sites\/21\/2022\/04\/DSC_2216-scaled.jpg\u00bb min_height=\u00bb549px\u00bb custom_margin=\u00bb||-21px|||\u00bb custom_padding=\u00bb||||false|false\u00bb global_colors_info=\u00bb{}\u00bb][et_pb_row use_custom_gutter=\u00bbon\u00bb gutter_width=\u00bb1&#8243; make_equal=\u00bbon\u00bb admin_label=\u00bbFeature 1&#8243; module_class=\u00bb et_pb_row_fullwidth\u00bb _builder_version=\u00bb4.16&#8243; width=\u00bb100%\u00bb width_tablet=\u00bb100%\u00bb width_phone=\u00bb\u00bb width_last_edited=\u00bbon|desktop\u00bb max_width=\u00bb100%\u00bb max_width_tablet=\u00bb100%\u00bb max_width_phone=\u00bb\u00bb max_width_last_edited=\u00bbon|desktop\u00bb custom_padding=\u00bb|5%|200px|5%|false|false\u00bb make_fullwidth=\u00bbon\u00bb global_colors_info=\u00bb{}\u00bb][et_pb_column type=\u00bb4_4&#8243; _builder_version=\u00bb4.16&#8243; custom_padding=\u00bb|||\u00bb global_colors_info=\u00bb{}\u00bb custom_padding__hover=\u00bb|||\u00bb][et_pb_text admin_label=\u00bbTitle burriac\u00bb _builder_version=\u00bb4.16.1&#8243; text_font=\u00bb||||||||\u00bb text_font_size=\u00bb15px\u00bb text_line_height=\u00bb1.8em\u00bb header_font=\u00bb||||||||\u00bb header_2_font=\u00bbNunito||||||||\u00bb header_2_font_size=\u00bb36px\u00bb header_2_line_height=\u00bb1.4em\u00bb background_color=\u00bbrgba(0,0,0,0.68)\u00bb background_layout=\u00bbdark\u00bb max_width=\u00bb600px\u00bb module_alignment=\u00bbleft\u00bb custom_margin=\u00bb|||\u00bb custom_padding=\u00bb|||\u00bb animation_style=\u00bbfold\u00bb animation_direction=\u00bbbottom\u00bb animation_intensity_fold=\u00bb20%\u00bb animation_starting_opacity=\u00bb100%\u00bb global_colors_info=\u00bb{}\u00bb]<\/p>\n<h1><span style=\"font-size: xx-large;\">Sala Burriac i Sala Laia L\u2019Arquera TecnoCampus<\/span><\/h1>\n<p>Libertad de configuraci\u00f3n<\/p>\n<p>[\/et_pb_text][\/et_pb_column][\/et_pb_row][\/et_pb_section][et_pb_section fb_built=\u00bb1&#8243; admin_label=\u00bbFeature Section\u00bb _builder_version=\u00bb4.16&#8243; custom_padding=\u00bb2px||2px||false|false\u00bb global_colors_info=\u00bb{}\u00bb][et_pb_row column_structure=\u00bb1_4,1_2,1_4&#8243; use_custom_gutter=\u00bbon\u00bb gutter_width=\u00bb1&#8243; make_equal=\u00bbon\u00bb admin_label=\u00bbFeature 2, 3, 4&#8243; module_class=\u00bb et_pb_row_fullwidth\u00bb _builder_version=\u00bb4.17.1&#8243; background_color=\u00bb#e9ab00&#8243; width=\u00bb100%\u00bb width_tablet=\u00bb100%\u00bb width_phone=\u00bb\u00bb width_last_edited=\u00bbon|desktop\u00bb max_width=\u00bb100%\u00bb max_width_tablet=\u00bb100%\u00bb max_width_phone=\u00bb\u00bb max_width_last_edited=\u00bbon|desktop\u00bb min_height=\u00bb465.4px\u00bb custom_margin=\u00bb-11px|auto||auto||\u00bb custom_padding=\u00bb0px||0px||false|false\u00bb make_fullwidth=\u00bbon\u00bb global_colors_info=\u00bb{}\u00bb][et_pb_column type=\u00bb1_4&#8243; _builder_version=\u00bb4.17.1&#8243; background_color=\u00bb#353740&#8243; background_image=\u00bbhttp:\/\/centredecongressos.tecnocampus.cat\/wp-content\/uploads\/sites\/21\/2022\/04\/DSC_6255-scaled.jpg\u00bb custom_padding=\u00bb110px|5%|200px|5%\u00bb global_colors_info=\u00bb{}\u00bb custom_padding__hover=\u00bb|||\u00bb][et_pb_text admin_label=\u00bb900 m2&#8243; _builder_version=\u00bb4.16&#8243; text_font=\u00bb||||||||\u00bb text_font_size=\u00bb15px\u00bb text_line_height=\u00bb1.8em\u00bb header_font=\u00bb||||||||\u00bb header_2_font=\u00bbNunito||||||||\u00bb header_2_font_size=\u00bb36px\u00bb header_2_line_height=\u00bb1.4em\u00bb background_color=\u00bbrgba(0,0,0,0.68)\u00bb background_layout=\u00bbdark\u00bb max_width=\u00bb600px\u00bb module_alignment=\u00bbleft\u00bb custom_margin=\u00bb10px|10px|10px|10px|false|false\u00bb custom_padding=\u00bb10px|10px|10px|10px|false|false\u00bb animation_style=\u00bbfold\u00bb animation_direction=\u00bbbottom\u00bb animation_intensity_fold=\u00bb20%\u00bb animation_starting_opacity=\u00bb100%\u00bb locked=\u00bboff\u00bb global_colors_info=\u00bb{}\u00bb]<\/p>\n<h2>150m2 I 100 personas<\/h2>\n<p>[\/et_pb_text][\/et_pb_column][et_pb_column type=\u00bb1_2&#8243; _builder_version=\u00bb4.17.1&#8243; use_background_color_gradient=\u00bbon\u00bb background_color_gradient_stops=\u00bbrgba(0,0,0,0.7) 0%|rgba(0,0,0,0) 100%\u00bb background_color_gradient_overlays_image=\u00bbon\u00bb background_color_gradient_start=\u00bbrgba(0,0,0,0.7)\u00bb background_color_gradient_end=\u00bbrgba(0,0,0,0)\u00bb background_image=\u00bbhttp:\/\/centredecongressos.tecnocampus.cat\/wp-content\/uploads\/sites\/21\/2022\/04\/DSC_2249-scaled.jpg\u00bb custom_padding=\u00bb110px|5%|200px|5%\u00bb global_colors_info=\u00bb{}\u00bb custom_padding__hover=\u00bb|||\u00bb][et_pb_text admin_label=\u00bbcontingues i plafonades\u00bb _builder_version=\u00bb4.25.1&#8243; text_font=\u00bb||||||||\u00bb text_font_size=\u00bb15px\u00bb text_line_height=\u00bb1.8em\u00bb header_font=\u00bb||||||||\u00bb header_2_font=\u00bbNunito||||||||\u00bb header_2_font_size=\u00bb36px\u00bb header_2_line_height=\u00bb1.4em\u00bb background_color=\u00bbrgba(0,0,0,0.68)\u00bb background_layout=\u00bbdark\u00bb max_width=\u00bb600px\u00bb module_alignment=\u00bbleft\u00bb custom_margin=\u00bb10px|10px|10px|10px|false|false\u00bb custom_padding=\u00bb10px|10px|10px|10px|false|false\u00bb animation_style=\u00bbfold\u00bb animation_direction=\u00bbbottom\u00bb animation_intensity_fold=\u00bb20%\u00bb animation_starting_opacity=\u00bb100%\u00bb locked=\u00bboff\u00bb global_colors_info=\u00bb{}\u00bb]<\/p>\n<h2>Contiguas y plafonadas<\/h2>\n<p><span style=\"font-size: medium;\"> Dos salas de 75m2 cada una pensada para optimizar las din\u00e1micas de grupo en entornos empresariales.<\/span><\/p>\n<p>[\/et_pb_text][\/et_pb_column][et_pb_column type=\u00bb1_4&#8243; _builder_version=\u00bb4.17.1&#8243; background_color=\u00bb#e9ab00&#8243; background_image=\u00bbhttp:\/\/centredecongressos.tecnocampus.cat\/wp-content\/uploads\/sites\/21\/2022\/04\/16711666641_3ab3fce587_o-1.jpg\u00bb custom_padding=\u00bb110px|5%|200px|5%\u00bb global_colors_info=\u00bb{}\u00bb custom_padding__hover=\u00bb|||\u00bb][et_pb_text admin_label=\u00bbIdeal per:\u00bb _builder_version=\u00bb4.16&#8243; text_font=\u00bb||||||||\u00bb text_font_size=\u00bb15px\u00bb text_line_height=\u00bb1.8em\u00bb header_font=\u00bb||||||||\u00bb header_2_font=\u00bbNunito||||||||\u00bb header_2_text_color=\u00bb#FFFFFF\u00bb header_2_font_size=\u00bb36px\u00bb header_2_line_height=\u00bb1.4em\u00bb background_color=\u00bbrgba(0,0,0,0.68)\u00bb background_layout=\u00bbdark\u00bb max_width=\u00bb600px\u00bb module_alignment=\u00bbleft\u00bb custom_margin=\u00bb10px|10px|10px|10px|false|false\u00bb custom_padding=\u00bb10px|10px|10px|10px|false|false\u00bb animation_style=\u00bbfold\u00bb animation_direction=\u00bbbottom\u00bb animation_intensity_fold=\u00bb20%\u00bb animation_starting_opacity=\u00bb100%\u00bb locked=\u00bboff\u00bb global_colors_info=\u00bb{}\u00bb]<\/p>\n<h2>Ideal para:<\/h2>\n<p>Jornadas, reuniones empresariales, talleres, conferencias, sesiones de desdoblamiento&#8230;<\/p>\n<p>[\/et_pb_text][\/et_pb_column][\/et_pb_row][\/et_pb_section][et_pb_section fb_built=\u00bb1&#8243; _builder_version=\u00bb4.17.3&#8243; _module_preset=\u00bbdefault\u00bb global_colors_info=\u00bb{}\u00bb][et_pb_row _builder_version=\u00bb4.16&#8243; _module_preset=\u00bbdefault\u00bb custom_margin=\u00bb-28px|auto||auto||\u00bb custom_padding=\u00bb0px|||||\u00bb global_colors_info=\u00bb{}\u00bb][et_pb_column type=\u00bb4_4&#8243; _builder_version=\u00bb4.16&#8243; _module_preset=\u00bbdefault\u00bb global_colors_info=\u00bb{}\u00bb][wdcl_image_carousel use_lightbox=\u00bbon\u00bb _builder_version=\u00bb4.17.1&#8243; _module_preset=\u00bbdefault\u00bb min_height=\u00bb303.6px\u00bb custom_padding=\u00bb57px|||||\u00bb global_colors_info=\u00bb{}\u00bb][wdcl_image_carousel_child photo=\u00bbhttp:\/\/centredecongressos.tecnocampus.cat\/wp-content\/uploads\/sites\/21\/2022\/04\/DSC_6457-scaled.jpg\u00bb _builder_version=\u00bb4.17.1&#8243; _module_preset=\u00bbdefault\u00bb global_colors_info=\u00bb{}\u00bb][\/wdcl_image_carousel_child][wdcl_image_carousel_child photo=\u00bbhttp:\/\/centredecongressos.tecnocampus.cat\/wp-content\/uploads\/sites\/21\/2022\/04\/DSC_6461-scaled.jpg\u00bb _builder_version=\u00bb4.17.1&#8243; _module_preset=\u00bbdefault\u00bb global_colors_info=\u00bb{}\u00bb][\/wdcl_image_carousel_child][wdcl_image_carousel_child photo=\u00bbhttp:\/\/centredecongressos.tecnocampus.cat\/wp-content\/uploads\/sites\/21\/2022\/04\/DSC_6255-1-scaled.jpg\u00bb _builder_version=\u00bb4.17.1&#8243; _module_preset=\u00bbdefault\u00bb global_colors_info=\u00bb{}\u00bb][\/wdcl_image_carousel_child][wdcl_image_carousel_child photo=\u00bbhttp:\/\/centredecongressos.tecnocampus.cat\/wp-content\/uploads\/sites\/21\/2022\/04\/DSC_6206-scaled.jpg\u00bb _builder_version=\u00bb4.17.1&#8243; _module_preset=\u00bbdefault\u00bb global_colors_info=\u00bb{}\u00bb][\/wdcl_image_carousel_child][wdcl_image_carousel_child photo=\u00bbhttp:\/\/centredecongressos.tecnocampus.cat\/wp-content\/uploads\/sites\/21\/2022\/04\/DSC_6462-scaled.jpg\u00bb _builder_version=\u00bb4.17.1&#8243; _module_preset=\u00bbdefault\u00bb global_colors_info=\u00bb{}\u00bb][\/wdcl_image_carousel_child][\/wdcl_image_carousel][\/et_pb_column][\/et_pb_row][\/et_pb_section][et_pb_section fb_built=\u00bb1&#8243; admin_label=\u00bbconfiguracions\u00bb _builder_version=\u00bb4.16&#8243; background_color=\u00bb#dc9e12&#8243; custom_margin=\u00bb-2px|||||\u00bb custom_padding=\u00bb40px|||||\u00bb global_colors_info=\u00bb{}\u00bb][et_pb_row _builder_version=\u00bb4.16.0&#8243; _module_preset=\u00bbdefault\u00bb global_colors_info=\u00bb{}\u00bb][et_pb_column type=\u00bb4_4&#8243; _builder_version=\u00bb4.16.0&#8243; _module_preset=\u00bbdefault\u00bb global_colors_info=\u00bb{}\u00bb][et_pb_image src=\u00bbhttp:\/\/centredecongressos.tecnocampus.cat\/wp-content\/uploads\/sites\/21\/2025\/01\/centre-de-congressos-taules-2024-ES-3-1-e1737120691346.jpg\u00bb alt=\u00bbTaula Sala Burria i Sala Laia l&#8217;Arquera ES\u00bb title_text=\u00bbcentre de congressos taules 2024 ES-3 (1)\u00bb show_in_lightbox=\u00bbon\u00bb _builder_version=\u00bb4.27.0&#8243; _module_preset=\u00bbdefault\u00bb hover_enabled=\u00bb0&#8243; global_colors_info=\u00bb{}\u00bb sticky_enabled=\u00bb0&#8243;][\/et_pb_image][\/et_pb_column][\/et_pb_row][\/et_pb_section][et_pb_section fb_built=\u00bb1&#8243; admin_label=\u00bbExplicacio t\u00e8cnica de l&#8217;espai\u00bb _builder_version=\u00bb4.16&#8243; background_enable_image=\u00bboff\u00bb custom_margin=\u00bb-2px||-140px|||\u00bb custom_padding=\u00bb0px||33px|||\u00bb collapsed=\u00bboff\u00bb global_colors_info=\u00bb{}\u00bb][et_pb_row _builder_version=\u00bb4.16&#8243; custom_margin=\u00bb-21px|auto||auto||\u00bb global_colors_info=\u00bb{}\u00bb][et_pb_column type=\u00bb4_4&#8243; _builder_version=\u00bb4.16&#8243; global_colors_info=\u00bb{}\u00bb][et_pb_text admin_label=\u00bbTitle foyer\u00bb _builder_version=\u00bb4.16&#8243; text_font=\u00bb||||||||\u00bb text_font_size=\u00bb15px\u00bb text_line_height=\u00bb1.8em\u00bb header_font=\u00bb||||||||\u00bb header_2_font=\u00bbNunito||||||||\u00bb header_2_font_size=\u00bb36px\u00bb header_2_line_height=\u00bb1.4em\u00bb max_width=\u00bb600px\u00bb module_alignment=\u00bbleft\u00bb custom_margin=\u00bb|60px|-1px|||\u00bb custom_padding=\u00bb|0px||||\u00bb animation_style=\u00bbfold\u00bb animation_direction=\u00bbbottom\u00bb animation_intensity_fold=\u00bb20%\u00bb animation_starting_opacity=\u00bb100%\u00bb global_colors_info=\u00bb{}\u00bb]<\/p>\n<h2><\/h2>\n<h2><\/h2>\n<h2><\/h2>\n<h2><\/h2>\n<h2><\/h2>\n<h2><\/h2>\n<h2>Salas pensadas para optimizar din\u00e1micas de grupo en entornos empresariales.<\/h2>\n<p>Con multitud de opciones de configuraci\u00f3n, y capacidad de hasta 100 personas, las salas Burriac y Arquera del TecnoCampus han acogido reuniones de partners empresariales, reuniones de formaci\u00f3n, programas de dinamizaci\u00f3n empresarial, encuentros de networking, programas de Reempresa, as\u00ed como otros programas oficiales del sector empresarial.<\/p>\n<p>[\/et_pb_text][\/et_pb_column][\/et_pb_row][et_pb_row column_structure=\u00bb1_4,1_4,1_4,1_4&#8243; _builder_version=\u00bb4.16&#8243; _module_preset=\u00bbdefault\u00bb global_colors_info=\u00bb{}\u00bb][et_pb_column type=\u00bb1_4&#8243; _builder_version=\u00bb4.16&#8243; _module_preset=\u00bbdefault\u00bb global_colors_info=\u00bb{}\u00bb][et_pb_blurb title=\u00bbSalas Plafonadas, ampliables\u00bb use_icon=\u00bbon\u00bb font_icon=\u00bb&#x4e;||divi||400&#8243; icon_placement=\u00bbleft\u00bb _builder_version=\u00bb4.16&#8243; custom_padding=\u00bb||5px|||\u00bb global_colors_info=\u00bb{}\u00bb]<\/p>\n<p>La Sala Burriac de 75m2 y la Sala Laia La Arquera de 75m2 permiten una capacidad de 50 personas cada una de ellas.<\/p>\n<p>[\/et_pb_blurb][\/et_pb_column][et_pb_column type=\u00bb1_4&#8243; _builder_version=\u00bb4.16&#8243; _module_preset=\u00bbdefault\u00bb global_colors_info=\u00bb{}\u00bb][et_pb_blurb title=\u00bbT\u00e9cnicamente preparadas\u00bb use_icon=\u00bbon\u00bb font_icon=\u00bb&#x4e;||divi||400&#8243; icon_placement=\u00bbleft\u00bb _builder_version=\u00bb4.16&#8243; global_colors_info=\u00bb{}\u00bb]<\/p>\n<p>Sistema de audio adaptado a todas las configuraciones, libertad de disposici\u00f3n del mobiliario, iluminaci\u00f3n natural&#8230;<\/p>\n<p>[\/et_pb_blurb][\/et_pb_column][et_pb_column type=\u00bb1_4&#8243; _builder_version=\u00bb4.16&#8243; _module_preset=\u00bbdefault\u00bb global_colors_info=\u00bb{}\u00bb][et_pb_blurb title=\u00bbSalas contiguas y plafonadas\u00bb use_icon=\u00bbon\u00bb font_icon=\u00bb&#x4e;||divi||400&#8243; icon_placement=\u00bbleft\u00bb _builder_version=\u00bb4.16&#8243; global_colors_info=\u00bb{}\u00bb]<\/p>\n<p>Pueden convertirse en una sola sala m\u00e1s grande de 150m2<\/p>\n<p>[\/et_pb_blurb][\/et_pb_column][et_pb_column type=\u00bb1_4&#8243; _builder_version=\u00bb4.16&#8243; _module_preset=\u00bbdefault\u00bb global_colors_info=\u00bb{}\u00bb][\/et_pb_column][\/et_pb_row][et_pb_row _builder_version=\u00bb4.16&#8243; _module_preset=\u00bbdefault\u00bb global_colors_info=\u00bb{}\u00bb][et_pb_column type=\u00bb4_4&#8243; _builder_version=\u00bb4.16&#8243; _module_preset=\u00bbdefault\u00bb global_colors_info=\u00bb{}\u00bb][et_pb_image src=\u00bbhttp:\/\/centredecongressos.tecnocampus.cat\/wp-content\/uploads\/sites\/21\/2020\/03\/planol-sala-burriac.jpg\u00bb align=\u00bbcenter\u00bb admin_label=\u00bbplano burriac\u00bb _builder_version=\u00bb4.16&#8243; animation_style=\u00bbfade\u00bb global_colors_info=\u00bb{}\u00bb][\/et_pb_image][\/et_pb_column][\/et_pb_row][\/et_pb_section][et_pb_section fb_built=\u00bb1&#8243; admin_label=\u00bbTour virtual\u00bb _builder_version=\u00bb4.16&#8243; background_enable_image=\u00bboff\u00bb custom_margin=\u00bb80px||-2px|||\u00bb custom_padding=\u00bb18px||4px|||\u00bb global_colors_info=\u00bb{}\u00bb][et_pb_row column_structure=\u00bb3_5,2_5&#8243; _builder_version=\u00bb4.16&#8243; min_height=\u00bb735px\u00bb custom_padding=\u00bb||69px|||\u00bb global_colors_info=\u00bb{}\u00bb][et_pb_column type=\u00bb3_5&#8243; _builder_version=\u00bb4.16&#8243; global_colors_info=\u00bb{}\u00bb][et_pb_text admin_label=\u00bbTitle auditori\u00bb _builder_version=\u00bb4.16&#8243; text_font=\u00bb||||||||\u00bb text_font_size=\u00bb15px\u00bb text_line_height=\u00bb1.8em\u00bb header_font=\u00bb||||||||\u00bb header_2_font=\u00bbNunito||||||||\u00bb header_2_font_size=\u00bb36px\u00bb header_2_line_height=\u00bb1.4em\u00bb max_width=\u00bb600px\u00bb module_alignment=\u00bbleft\u00bb custom_margin=\u00bb|||\u00bb custom_padding=\u00bb0px||0px|||\u00bb animation_style=\u00bbfold\u00bb animation_direction=\u00bbbottom\u00bb animation_intensity_fold=\u00bb20%\u00bb animation_starting_opacity=\u00bb100%\u00bb global_colors_info=\u00bb{}\u00bb]<\/p>\n<h2><\/h2>\n<p>&nbsp;<\/p>\n<p>&nbsp;<\/p>\n<h2>Echa un vistazo a las salas de actos con el tour virtual <\/h2>\n<h2><\/h2>\n<p>[\/et_pb_text][et_pb_code _builder_version=\u00bb4.16&#8243; global_colors_info=\u00bb{}\u00bb]<iframe loading=\"lazy\" allowfullscreen=\"\" frameborder=\"0\" height=\"600\" src=\"https:\/\/www.google.com\/maps\/embed?pb=!1m0!3m2!1ses!2sus!4v1473333438066!6m8!1m7!1sLkTmNmbCu5kAAAQvvKEFhA!2m2!1d41.52866544515889!2d2.434281050338768!3f252.85004244009613!4f-5.640712644602033!5f0.7820865974627469\" style=\"border:0\" width=\"800\"><\/iframe>[\/et_pb_code][\/et_pb_column][et_pb_column type=\u00bb2_5&#8243; _builder_version=\u00bb4.16&#8243; global_colors_info=\u00bb{}\u00bb][\/et_pb_column][\/et_pb_row][\/et_pb_section][et_pb_section fb_built=\u00bb1&#8243; _builder_version=\u00bb4.16&#8243; background_color=\u00bb#E9AB00&#8243; global_colors_info=\u00bb{}\u00bb][et_pb_row admin_label=\u00bbSubscriptiopn Area\u00bb _builder_version=\u00bb4.16&#8243; custom_padding=\u00bb|||\u00bb global_colors_info=\u00bb{}\u00bb][et_pb_column type=\u00bb4_4&#8243; _builder_version=\u00bb4.16&#8243; custom_padding=\u00bb|||\u00bb global_colors_info=\u00bb{}\u00bb custom_padding__hover=\u00bb|||\u00bb][et_pb_text _builder_version=\u00bb4.16&#8243; _module_preset=\u00bbdefault\u00bb global_colors_info=\u00bb{}\u00bb]<\/p>\n<h2><span style=\"font-size: x-large;\"><\/span><\/h2>\n<h2><span style=\"font-size: x-large;\">\u00bfEn qu\u00e9 podemos ayudarte?<\/span><span style=\"font-size: x-large;\"><\/span><\/h2>\n<p>[\/et_pb_text][et_pb_contact_form email=\u00bbcentrecongressos@tecnocampus.cat\u00bb custom_message=\u00bbNuevo registro en el formulario del Centro de Congresos TecnoCampus.||et_pb_line_break_holder||||et_pb_line_break_holder||Les dades que ens han facilitat:||et_pb_line_break_holder||%%Name%%||et_pb_line_break_holder||%%Email%%||et_pb_line_break_holder||%%Message%%||et_pb_line_break_holder||||et_pb_line_break_holder||_______________||et_pb_line_break_holder||Web del Centre de Congressos del TecnoCampus \u00bb success_message=\u00bbGracias por contactar en el Centro de Congresos TecnoCampus, pronto contactaremos con ustedes para darles respuesta a lo que puedan necesitar.\u00bb submit_button_text=\u00bbEnviar\u00bb _builder_version=\u00bb4.17.2&#8243; _unique_id=\u00bb18bd094f-39f4-4799-bd6a-bdacc4afe63d\u00bb custom_button=\u00bbon\u00bb button_text_color=\u00bb#000000&#8243; button_border_color=\u00bb#000000&#8243; global_colors_info=\u00bb{}\u00bb][et_pb_contact_field field_id=\u00bbName\u00bb field_title=\u00bbNombre\u00bb _builder_version=\u00bb4.16&#8243; global_colors_info=\u00bb{}\u00bb button_text_size__hover_enabled=\u00bboff\u00bb button_one_text_size__hover_enabled=\u00bboff\u00bb button_two_text_size__hover_enabled=\u00bboff\u00bb button_text_color__hover_enabled=\u00bboff\u00bb button_one_text_color__hover_enabled=\u00bboff\u00bb button_two_text_color__hover_enabled=\u00bboff\u00bb button_border_width__hover_enabled=\u00bboff\u00bb button_one_border_width__hover_enabled=\u00bboff\u00bb button_two_border_width__hover_enabled=\u00bboff\u00bb button_border_color__hover_enabled=\u00bboff\u00bb button_one_border_color__hover_enabled=\u00bboff\u00bb button_two_border_color__hover_enabled=\u00bboff\u00bb button_border_radius__hover_enabled=\u00bboff\u00bb button_one_border_radius__hover_enabled=\u00bboff\u00bb button_two_border_radius__hover_enabled=\u00bboff\u00bb button_letter_spacing__hover_enabled=\u00bboff\u00bb button_one_letter_spacing__hover_enabled=\u00bboff\u00bb button_two_letter_spacing__hover_enabled=\u00bboff\u00bb button_bg_color__hover_enabled=\u00bboff\u00bb button_one_bg_color__hover_enabled=\u00bboff\u00bb button_two_bg_color__hover_enabled=\u00bboff\u00bb][\/et_pb_contact_field][et_pb_contact_field field_id=\u00bbEmail\u00bb field_title=\u00bbCorreo electr\u00f3nico\u00bb field_type=\u00bbemail\u00bb _builder_version=\u00bb4.16&#8243; global_colors_info=\u00bb{}\u00bb button_text_size__hover_enabled=\u00bboff\u00bb button_one_text_size__hover_enabled=\u00bboff\u00bb button_two_text_size__hover_enabled=\u00bboff\u00bb button_text_color__hover_enabled=\u00bboff\u00bb button_one_text_color__hover_enabled=\u00bboff\u00bb button_two_text_color__hover_enabled=\u00bboff\u00bb button_border_width__hover_enabled=\u00bboff\u00bb button_one_border_width__hover_enabled=\u00bboff\u00bb button_two_border_width__hover_enabled=\u00bboff\u00bb button_border_color__hover_enabled=\u00bboff\u00bb button_one_border_color__hover_enabled=\u00bboff\u00bb button_two_border_color__hover_enabled=\u00bboff\u00bb button_border_radius__hover_enabled=\u00bboff\u00bb button_one_border_radius__hover_enabled=\u00bboff\u00bb button_two_border_radius__hover_enabled=\u00bboff\u00bb button_letter_spacing__hover_enabled=\u00bboff\u00bb button_one_letter_spacing__hover_enabled=\u00bboff\u00bb button_two_letter_spacing__hover_enabled=\u00bboff\u00bb button_bg_color__hover_enabled=\u00bboff\u00bb button_one_bg_color__hover_enabled=\u00bboff\u00bb button_two_bg_color__hover_enabled=\u00bboff\u00bb][\/et_pb_contact_field][et_pb_contact_field field_id=\u00bbMessage\u00bb field_title=\u00bbMensaje\u00bb field_type=\u00bbtext\u00bb fullwidth_field=\u00bbon\u00bb _builder_version=\u00bb4.16&#8243; global_colors_info=\u00bb{}\u00bb button_text_size__hover_enabled=\u00bboff\u00bb button_one_text_size__hover_enabled=\u00bboff\u00bb button_two_text_size__hover_enabled=\u00bboff\u00bb button_text_color__hover_enabled=\u00bboff\u00bb button_one_text_color__hover_enabled=\u00bboff\u00bb button_two_text_color__hover_enabled=\u00bboff\u00bb button_border_width__hover_enabled=\u00bboff\u00bb button_one_border_width__hover_enabled=\u00bboff\u00bb button_two_border_width__hover_enabled=\u00bboff\u00bb button_border_color__hover_enabled=\u00bboff\u00bb button_one_border_color__hover_enabled=\u00bboff\u00bb button_two_border_color__hover_enabled=\u00bboff\u00bb button_border_radius__hover_enabled=\u00bboff\u00bb button_one_border_radius__hover_enabled=\u00bboff\u00bb button_two_border_radius__hover_enabled=\u00bboff\u00bb button_letter_spacing__hover_enabled=\u00bboff\u00bb button_one_letter_spacing__hover_enabled=\u00bboff\u00bb button_two_letter_spacing__hover_enabled=\u00bboff\u00bb button_bg_color__hover_enabled=\u00bboff\u00bb button_one_bg_color__hover_enabled=\u00bboff\u00bb button_two_bg_color__hover_enabled=\u00bboff\u00bb][\/et_pb_contact_field][\/et_pb_contact_form][\/et_pb_column][\/et_pb_row][\/et_pb_section]<\/p>\n","protected":false},"excerpt":{"rendered":"<p>Sala Burriac i Sala Laia L\u2019Arquera TecnoCampus Libertad de configuraci\u00f3n150m2 I 100 personasContiguas y plafonadas Dos salas de 75m2 cada una pensada para optimizar las din\u00e1micas de grupo en entornos empresariales.Ideal para: Jornadas, reuniones empresariales, talleres, conferencias, sesiones de desdoblamiento&#8230;<div class=\"et_pb_module wdcl_image_carousel wdcl_image_carousel_0\">\n\t\t\t\t\n\t\t\t\t\n\t\t\t\t\n\t\t\t\t\n\t\t\t\t\n\t\t\t\t\n\t\t\t\t<div class=\"et_pb_module_inner\">\n\t\t\t\t\t<div dir=\"ltr\" class=\"dcm-container dcm-carousel-maker dcm-lightbox-enabled\" data-pagi=\"false\"\n\t\t\tdata-pagi-tablet=\"false\"\n\t\t\tdata-pagi-phone=\"false\"\n\t\t\tdata-nav=\"true\"\n\t\t\tdata-nav-tablet=\"true\"\n\t\t\tdata-nav-phone=\"true\"\n\t\t\tdata-autoplay=\"on\"\n\t\t\tdata-autoplay-speed=\"2000ms\"\n\t\t\tdata-speed=\"700ms\"\n\t\t\tdata-slides=\"3\"\n\t\t\tdata-slides-tablet=\"3\"\n\t\t\tdata-slides-phone=\"3\"\n\t\t\tdata-center=\"off\"\n\t\t\tdata-center-mode-type=\"classic\"\n\t\t\tdata-center-padding=\"70px||\"\n\t\t\tdata-vertical=\"off\"\n\t\t\tdata-icon-left=\"4\"\n\t\t\tdata-icon-right=\"5\"\n\t\t\tdata-infinite=\"on\"\n\t\t\tdata-variable-width=\"off\"\n\t\t\tdata-auto-height=\"off\"\n\t\t\tdata-items-scroll=\"1||\"\n\t\t\tdata-fade=\"off\"\n\t\t\tdata-dir=\"ltr\">\n                \n            <\/div>\n\t\t\t\t<\/div>\n\t\t\t<\/div><div class=\"wdcl_image_carousel_child wdcl_image_carousel_child_0 wdc_et_pb_module\">\n\t\t\t\t\n\t\t\t\t\n\t\t\t\t\n\t\t\t\t\n\t\t\t\t\n\t\t\t\t\n\t\t\t\t<div class=\"et_pb_module_inner\">\n\t\t\t\t\t<div class=\"dcm-carousel-item dcm-image-swap dcm-hover--none\">\n\t\t\t\t<figure class=\"dcm-lightbox-ctrl\">\n\t\t\t\t<div class=\"dcm-overlay\" data-icon=\"\"><\/div>\n\t\t\t\t<img decoding=\"async\" class=\"dcm-main-img\" data-mfp-src=\"http:\/\/centredecongressos.tecnocampus.cat\/wp-content\/uploads\/sites\/21\/2022\/04\/DSC_6457-scaled.jpg\" src=\"http:\/\/centredecongressos.tecnocampus.cat\/wp-content\/uploads\/sites\/21\/2022\/04\/DSC_6457-scaled.jpg\" alt=\"\"\/>\n            <\/figure> \n\t\t\t<\/div>\n\t\t\t\t<\/div>\n\t\t\t<\/div><div class=\"wdcl_image_carousel_child wdcl_image_carousel_child_1 wdc_et_pb_module\">\n\t\t\t\t\n\t\t\t\t\n\t\t\t\t\n\t\t\t\t\n\t\t\t\t\n\t\t\t\t\n\t\t\t\t<div class=\"et_pb_module_inner\">\n\t\t\t\t\t<div class=\"dcm-carousel-item dcm-image-swap dcm-hover--none\">\n\t\t\t\t<figure class=\"dcm-lightbox-ctrl\">\n\t\t\t\t<div class=\"dcm-overlay\" data-icon=\"\"><\/div>\n\t\t\t\t<img decoding=\"async\" class=\"dcm-main-img\" data-mfp-src=\"http:\/\/centredecongressos.tecnocampus.cat\/wp-content\/uploads\/sites\/21\/2022\/04\/DSC_6461-scaled.jpg\" src=\"http:\/\/centredecongressos.tecnocampus.cat\/wp-content\/uploads\/sites\/21\/2022\/04\/DSC_6461-scaled.jpg\" alt=\"\"\/>\n            <\/figure> \n\t\t\t<\/div>\n\t\t\t\t<\/div>\n\t\t\t<\/div><div class=\"wdcl_image_carousel_child wdcl_image_carousel_child_2 wdc_et_pb_module\">\n\t\t\t\t\n\t\t\t\t\n\t\t\t\t\n\t\t\t\t\n\t\t\t\t\n\t\t\t\t\n\t\t\t\t<div class=\"et_pb_module_inner\">\n\t\t\t\t\t<div class=\"dcm-carousel-item dcm-image-swap dcm-hover--none\">\n\t\t\t\t<figure class=\"dcm-lightbox-ctrl\">\n\t\t\t\t<div class=\"dcm-overlay\" data-icon=\"\"><\/div>\n\t\t\t\t<img decoding=\"async\" class=\"dcm-main-img\" data-mfp-src=\"\" src=\"\" alt=\"\"\/>\n            <\/figure> \n\t\t\t<\/div>\n\t\t\t\t<\/div>\n\t\t\t<\/div><\/p>\n","protected":false},"author":4,"featured_media":0,"parent":0,"menu_order":0,"comment_status":"closed","ping_status":"closed","template":"","meta":{"_et_pb_use_builder":"on","_et_pb_old_content":"","_et_gb_content_width":"","inline_featured_image":false,"footnotes":""},"class_list":["post-1308","page","type-page","status-publish","hentry"],"yoast_head":"<!-- This site is optimized with the Yoast SEO plugin v27.3 - https:\/\/yoast.com\/product\/yoast-seo-wordpress\/ -->\n<title>Salas Burriac i Laia l&#039;Arquera | Centro de Congressos TecnoCampus<\/title>\n<meta name=\"description\" content=\"Dos salas de 75m2 cada una pensadas para optimizar las din\u00e1micas de grupo en entornos empresariales.\" \/>\n<meta name=\"robots\" content=\"index, follow, max-snippet:-1, max-image-preview:large, max-video-preview:-1\" \/>\n<link rel=\"canonical\" href=\"https:\/\/centredecongressos.tecnocampus.cat\/sales-burriac-arquera\/\" \/>\n<meta property=\"og:locale\" content=\"es_ES\" \/>\n<meta property=\"og:type\" content=\"article\" \/>\n<meta property=\"og:title\" content=\"Salas Burriac i Laia l&#039;Arquera | Centro de Congressos TecnoCampus\" \/>\n<meta property=\"og:description\" content=\"Dos salas de 75m2 cada una pensadas para optimizar las din\u00e1micas de grupo en entornos empresariales.\" \/>\n<meta property=\"og:url\" content=\"https:\/\/centredecongressos.tecnocampus.cat\/sales-burriac-arquera\/\" \/>\n<meta property=\"og:site_name\" content=\"Centro de Congresos del TecnoCampus\" \/>\n<meta property=\"article:modified_time\" content=\"2025-01-17T13:32:10+00:00\" \/>\n<meta name=\"twitter:card\" content=\"summary_large_image\" \/>\n<meta name=\"twitter:label1\" content=\"Tiempo de lectura\" \/>\n\t<meta name=\"twitter:data1\" content=\"12 minutos\" \/>\n<script type=\"application\/ld+json\" class=\"yoast-schema-graph\">{\"@context\":\"https:\\\/\\\/schema.org\",\"@graph\":[{\"@type\":\"WebPage\",\"@id\":\"https:\\\/\\\/centredecongressos.tecnocampus.cat\\\/sales-burriac-arquera\\\/\",\"url\":\"https:\\\/\\\/centredecongressos.tecnocampus.cat\\\/sales-burriac-arquera\\\/\",\"name\":\"Salas Burriac i Laia l'Arquera | Centro de Congressos TecnoCampus\",\"isPartOf\":{\"@id\":\"https:\\\/\\\/centredecongressos.tecnocampus.cat\\\/#website\"},\"datePublished\":\"2022-07-04T10:18:14+00:00\",\"dateModified\":\"2025-01-17T13:32:10+00:00\",\"description\":\"Dos salas de 75m2 cada una pensadas para optimizar las din\u00e1micas de grupo en entornos empresariales.\",\"breadcrumb\":{\"@id\":\"https:\\\/\\\/centredecongressos.tecnocampus.cat\\\/sales-burriac-arquera\\\/#breadcrumb\"},\"inLanguage\":\"es\",\"potentialAction\":[{\"@type\":\"ReadAction\",\"target\":[\"https:\\\/\\\/centredecongressos.tecnocampus.cat\\\/sales-burriac-arquera\\\/\"]}]},{\"@type\":\"BreadcrumbList\",\"@id\":\"https:\\\/\\\/centredecongressos.tecnocampus.cat\\\/sales-burriac-arquera\\\/#breadcrumb\",\"itemListElement\":[{\"@type\":\"ListItem\",\"position\":1,\"name\":\".\",\"item\":\"https:\\\/\\\/centredecongressos.tecnocampus.cat\\\/\"},{\"@type\":\"ListItem\",\"position\":2,\"name\":\"Salas Burriac i Laia l&#8217;Arquera\"}]},{\"@type\":\"WebSite\",\"@id\":\"https:\\\/\\\/centredecongressos.tecnocampus.cat\\\/#website\",\"url\":\"https:\\\/\\\/centredecongressos.tecnocampus.cat\\\/\",\"name\":\"Centro de Congresos del TecnoCampus\",\"description\":\"\",\"potentialAction\":[{\"@type\":\"SearchAction\",\"target\":{\"@type\":\"EntryPoint\",\"urlTemplate\":\"https:\\\/\\\/centredecongressos.tecnocampus.cat\\\/?s={search_term_string}\"},\"query-input\":{\"@type\":\"PropertyValueSpecification\",\"valueRequired\":true,\"valueName\":\"search_term_string\"}}],\"inLanguage\":\"es\"}]}<\/script>\n<!-- \/ Yoast SEO plugin. -->","yoast_head_json":{"title":"Salas Burriac i Laia l'Arquera | Centro de Congressos TecnoCampus","description":"Dos salas de 75m2 cada una pensadas para optimizar las din\u00e1micas de grupo en entornos empresariales.","robots":{"index":"index","follow":"follow","max-snippet":"max-snippet:-1","max-image-preview":"max-image-preview:large","max-video-preview":"max-video-preview:-1"},"canonical":"https:\/\/centredecongressos.tecnocampus.cat\/sales-burriac-arquera\/","og_locale":"es_ES","og_type":"article","og_title":"Salas Burriac i Laia l'Arquera | Centro de Congressos TecnoCampus","og_description":"Dos salas de 75m2 cada una pensadas para optimizar las din\u00e1micas de grupo en entornos empresariales.","og_url":"https:\/\/centredecongressos.tecnocampus.cat\/sales-burriac-arquera\/","og_site_name":"Centro de Congresos del TecnoCampus","article_modified_time":"2025-01-17T13:32:10+00:00","twitter_card":"summary_large_image","twitter_misc":{"Tiempo de lectura":"12 minutos"},"schema":{"@context":"https:\/\/schema.org","@graph":[{"@type":"WebPage","@id":"https:\/\/centredecongressos.tecnocampus.cat\/sales-burriac-arquera\/","url":"https:\/\/centredecongressos.tecnocampus.cat\/sales-burriac-arquera\/","name":"Salas Burriac i Laia l'Arquera | Centro de Congressos TecnoCampus","isPartOf":{"@id":"https:\/\/centredecongressos.tecnocampus.cat\/#website"},"datePublished":"2022-07-04T10:18:14+00:00","dateModified":"2025-01-17T13:32:10+00:00","description":"Dos salas de 75m2 cada una pensadas para optimizar las din\u00e1micas de grupo en entornos empresariales.","breadcrumb":{"@id":"https:\/\/centredecongressos.tecnocampus.cat\/sales-burriac-arquera\/#breadcrumb"},"inLanguage":"es","potentialAction":[{"@type":"ReadAction","target":["https:\/\/centredecongressos.tecnocampus.cat\/sales-burriac-arquera\/"]}]},{"@type":"BreadcrumbList","@id":"https:\/\/centredecongressos.tecnocampus.cat\/sales-burriac-arquera\/#breadcrumb","itemListElement":[{"@type":"ListItem","position":1,"name":".","item":"https:\/\/centredecongressos.tecnocampus.cat\/"},{"@type":"ListItem","position":2,"name":"Salas Burriac i Laia l&#8217;Arquera"}]},{"@type":"WebSite","@id":"https:\/\/centredecongressos.tecnocampus.cat\/#website","url":"https:\/\/centredecongressos.tecnocampus.cat\/","name":"Centro de Congresos del TecnoCampus","description":"","potentialAction":[{"@type":"SearchAction","target":{"@type":"EntryPoint","urlTemplate":"https:\/\/centredecongressos.tecnocampus.cat\/?s={search_term_string}"},"query-input":{"@type":"PropertyValueSpecification","valueRequired":true,"valueName":"search_term_string"}}],"inLanguage":"es"}]}},"_links":{"self":[{"href":"https:\/\/centredecongressos.tecnocampus.cat\/es\/wp-json\/wp\/v2\/pages\/1308\/"}],"collection":[{"href":"https:\/\/centredecongressos.tecnocampus.cat\/es\/wp-json\/wp\/v2\/pages\/"}],"about":[{"href":"https:\/\/centredecongressos.tecnocampus.cat\/es\/wp-json\/wp\/v2\/types\/page\/"}],"author":[{"embeddable":true,"href":"https:\/\/centredecongressos.tecnocampus.cat\/es\/wp-json\/wp\/v2\/users\/4\/"}],"replies":[{"embeddable":true,"href":"https:\/\/centredecongressos.tecnocampus.cat\/es\/wp-json\/wp\/v2\/comments\/?post=1308"}],"version-history":[{"count":13,"href":"https:\/\/centredecongressos.tecnocampus.cat\/es\/wp-json\/wp\/v2\/pages\/1308\/revisions\/"}],"predecessor-version":[{"id":3408,"href":"https:\/\/centredecongressos.tecnocampus.cat\/es\/wp-json\/wp\/v2\/pages\/1308\/revisions\/3408\/"}],"wp:attachment":[{"href":"https:\/\/centredecongressos.tecnocampus.cat\/es\/wp-json\/wp\/v2\/media\/?parent=1308"}],"curies":[{"name":"wp","href":"https:\/\/api.w.org\/{rel}","templated":true}]}}